{"id":1294,"date":"2020-12-17T11:37:33","date_gmt":"2020-12-17T10:37:33","guid":{"rendered":"https:\/\/www.sprachschule-aktiv-basel.ch\/home\/"},"modified":"2024-05-13T06:38:06","modified_gmt":"2024-05-13T04:38:06","slug":"home","status":"publish","type":"page","link":"https:\/\/www.sprachschule-aktiv-basel.ch\/es\/","title":{"rendered":"Home"},"content":{"rendered":"<p>[vc_row full_width=&#8221;stretch_row_content_no_spaces&#8221; content_placement=&#8221;middle&#8221; css=&#8221;.vc_custom_1613048118112{background: #d6d5d3 url(https:\/\/www.sprachschule-aktiv-basel.ch\/wp-content\/uploads\/2021\/02\/fondo-2.jpg?id=617) !important;background-position: 0 0 !important;background-repeat: repeat !important;}&#8221;][vc_column width=&#8221;1\/2&#8243;][vc_single_image image=&#8221;1335&#8243; img_size=&#8221;full&#8221; alignment=&#8221;center&#8221;][\/vc_column][vc_column width=&#8221;1\/2&#8243; css=&#8221;.vc_custom_1609834442227{background-position: center !important;background-repeat: no-repeat !important;background-size: contain !important;}&#8221;][vc_column_text]<\/p>\n<div class=\"slidetitel\">Bienvenidos<\/div>\n<p>[\/vc_column_text][vc_column_text]<\/p>\n<p style=\"text-align: center; font-size: 40px; margin-top: 15px;\">a Sprachschule Aktiv<\/p>\n<p>[\/vc_column_text][vc_row_inner css=&#8221;.vc_custom_1609833991579{margin-top: 10px !important;}&#8221;][vc_column_inner]\t<div class=\"vc_btn3-container vc_btn3-center\">\n\t\t<a href=\"https:\/\/www.sprachschule-aktiv-basel.ch\/es\/contactar\/\" class=\"pgs_btn pgs_btn_style_1 pgs_btn_xl\">\n\t\t\t<span>\n\t\t\t\tCONTACTAR\t\t\t<\/span>\n\t\t\t\t\t\t<i class=\"fas fa-angle-double-right\"><\/i>\n\t\t\t\t\t<\/a>\n\t<\/div>\n\t\t<div class=\"vc_btn3-container vc_btn3-center\">\n\t\t<a href=\"https:\/\/www.sprachschule-aktiv-basel.ch\/es\/inscripcion\/\" class=\"pgs_btn pgs_btn_style_1 pgs_btn_xl\">\n\t\t\t<span>\n\t\t\t\tINSCR\u00cdBETE AHORA\t\t\t<\/span>\n\t\t\t\t\t\t<i class=\"fas fa-angle-double-right\"><\/i>\n\t\t\t\t\t<\/a>\n\t<\/div>\n\t[\/vc_column_inner][\/vc_row_inner][\/vc_column][\/vc_row][vc_row css=&#8221;.vc_custom_1608206578745{margin-top: 20px !important;}&#8221;][vc_column][vc_column_text]<\/p>\n<h1>Cursos de alem\u00e1n en Basilea &#8211; Aprender alem\u00e1n en Basilea en la escuela Sprachschule Aktiv<\/h1>\n<p>Cursos de alem\u00e1n en Basilea para principiantes y avanzados. Aprender alem\u00e1n en Basilea en la escuela Sprachschule Aktiv con clase de prueba gratuita.<br \/>\n\u00bfVives en Basilea y has decidido aprender alem\u00e1n? Entonces ha venido al lugar correcto en la escuela de alem\u00e1n Sprachschule Aktiv.<br \/>\nLe ofrecemos cursos de alem\u00e1n en Basilea para todos los niveles A1, A2, B1, B2, C1 y C2. Adem\u00e1s, recibe muchas ventajas en nuestro instituto de idiomas, como profesores de alem\u00e1n nativos y una lecci\u00f3n de prueba gratuita. Hemos recopilado todos los detalles e informaci\u00f3n \u00fatil para usted a continuaci\u00f3n. Si a\u00fan tiene alguna pregunta sobre nuestros cursos de alem\u00e1n, no dude en ponerse en contacto con nosotros.[\/vc_column_text]\t<div class=\"vc_btn3-container vc_btn3-inline\">\n\t\t<a href=\"https:\/\/www.sprachschule-aktiv-basel.ch\/es\/contactar\/\" class=\"pgs_btn pgs_btn_style_1 pgs_btn_xl\">\n\t\t\t<span>\n\t\t\t\tContacta con nosotros\t\t\t<\/span>\n\t\t\t\t\t\t<i class=\"fas fa-angle-double-right\"><\/i>\n\t\t\t\t\t<\/a>\n\t<\/div>\n\t[\/vc_column][\/vc_row][vc_row full_width=&#8221;stretch_row&#8221; css=&#8221;.vc_custom_1608206773140{background-color: #f8f8f8 !important;}&#8221;][vc_column][vc_column_text]<\/p>\n<h2>\u00bfQu\u00e9 cursos de alem\u00e1n puede reservar en Basilea?<\/h2>\n<p>[\/vc_column_text][vc_row_inner][vc_column_inner width=&#8221;1\/2&#8243;][vc_column_text]Por un lado, ofrecemos el cl\u00e1sico, a saber, el curso intensivo de alem\u00e1n. Aprende de lunes a viernes de 9 a.m. a 12 p.m. y tiene la oportunidad de desarrollarse a\u00fan m\u00e1s r\u00e1pidamente. Por otro lado, tenemos el curso vespertino en el programa. Aqu\u00ed aprender\u00e1 alem\u00e1n una vez a la semana y, al mismo tiempo, tendr\u00e1 la oportunidad de realizar otras actividades durante el d\u00eda. Nuestros cursos de empresa y los cursos privados son una especialidad de nosotros. Con ambas versiones, el profesor de alem\u00e1n estar\u00e1 encantado de ir a su casa o a la empresa respectiva y el horario de las horas del curso depende totalmente de sus deseos.[\/vc_column_text]\t<div class=\"vc_btn3-container vc_btn3-inline\">\n\t\t<a href=\"https:\/\/www.sprachschule-aktiv-basel.ch\/es\/contactar\/\" class=\"pgs_btn pgs_btn_style_1 pgs_btn_xl\">\n\t\t\t<span>\n\t\t\t\tContacta con nosotros\t\t\t<\/span>\n\t\t\t\t\t\t<i class=\"fas fa-angle-double-right\"><\/i>\n\t\t\t\t\t<\/a>\n\t<\/div>\n\t[\/vc_column_inner][vc_column_inner width=&#8221;1\/2&#8243;][vc_single_image image=&#8221;1341&#8243; img_size=&#8221;full&#8221; alignment=&#8221;center&#8221;][\/vc_column_inner][\/vc_row_inner][vc_column_text]<\/p>\n<h2>Pruebas de nivel gratuitas para tu nivel de alem\u00e1n<\/h2>\n<p>[\/vc_column_text][vc_row_inner][vc_column_inner width=&#8221;1\/2&#8243;][vc_column_text]\u00bfQuiz\u00e1s ya haya asistido a un curso de alem\u00e1n y ha pasado alg\u00fan tiempo desde entonces? En tal situaci\u00f3n, puede suceder f\u00e1cilmente que no est\u00e9 seguro de en qu\u00e9 nivel deber\u00eda reservar el pr\u00f3ximo curso de alem\u00e1n. Nos complace ayudarlo con este problema. \u00a1Simplemente use nuestras pruebas de nivel gratuitas en nuestro sitio web! Si desea una consulta personal sobre su capacidad en alem\u00e1n, estaremos muy felices si pasa espont\u00e1neamente por nuestra academia de idiomas en Basilea.[\/vc_column_text]\t<div class=\"vc_btn3-container vc_btn3-inline\">\n\t\t<a href=\"https:\/\/www.sprachschule-aktiv-basel.ch\/einstufungstest-online\/\" target=\"_blank\" class=\"pgs_btn pgs_btn_style_1 pgs_btn_xl\">\n\t\t\t<span>\n\t\t\t\tHacer la prueba de nivel\t\t\t<\/span>\n\t\t\t\t\t\t<i class=\"fas fa-angle-double-right\"><\/i>\n\t\t\t\t\t<\/a>\n\t<\/div>\n\t[\/vc_column_inner][vc_column_inner width=&#8221;1\/2&#8243;][vc_column_text]<iframe src=\"https:\/\/www.youtube.com\/embed\/54-5aCU96MM\" width=\"560\" height=\"315\" frameborder=\"0\" allowfullscreen=\"allowfullscreen\"><\/iframe>[\/vc_column_text][\/vc_column_inner][\/vc_row_inner][\/vc_column][\/vc_row][vc_row full_width=&#8221;stretch_row&#8221; css=&#8221;.vc_custom_1608206773140{background-color: #f8f8f8 !important;}&#8221;][vc_column][vc_column_text]<\/p>\n<h2>Curso intensivo de alem\u00e1n en Basilea para principiantes y estudiantes avanzados<\/h2>\n<p>No importa en qu\u00e9 nivel de idioma se encuentre actualmente, puede asistir a todos los niveles desde A1 hasta C2 con nosotros. \u00bfNo est\u00e1s seguro de cu\u00e1l es el nivel adecuado para ti? Estaremos encantados de ayudarte con nuestras pruebas de nivel gratuitas. \u00a1Utilice nuestro sitio web y h\u00e1ganos saber el resultado![\/vc_column_text][vc_column_text]<\/p>\n<h2>Precios y fechas de los cursos intensivos de alem\u00e1n en Basilea<\/h2>\n<p>[\/vc_column_text][vc_row_inner][vc_column_inner width=&#8221;1\/2&#8243;][vc_column_text]<iframe src=\"https:\/\/www.youtube.com\/embed\/3znBj5k7wa8\" width=\"560\" height=\"315\" frameborder=\"0\" allowfullscreen=\"allowfullscreen\"><\/iframe>[\/vc_column_text][\/vc_column_inner][vc_column_inner width=&#8221;1\/2&#8243;][vc_column_text]El curso comienza el primer lunes del mes.<\/p>\n<p>Fechas: Lunes a Viernes de 9:00 a.m. a 12:00 p.m.<\/p>\n<p>Precios:<br \/>\n1 semana: 395 CHF<br \/>\n2 semanas: 580 CHF<br \/>\n3 semanas: 675 CHF<br \/>\n4 semanas CHF 790[\/vc_column_text]\t<div class=\"vc_btn3-container vc_btn3-inline\">\n\t\t<a href=\"https:\/\/www.sprachschule-aktiv-basel.ch\/es\/inscripcion\/\" class=\"pgs_btn pgs_btn_style_1 pgs_btn_xl\">\n\t\t\t<span>\n\t\t\t\tInscr\u00edbete ahora\t\t\t<\/span>\n\t\t\t\t\t\t<i class=\"fas fa-angle-double-right\"><\/i>\n\t\t\t\t\t<\/a>\n\t<\/div>\n\t[\/vc_column_inner][\/vc_row_inner][\/vc_column][\/vc_row][vc_row][vc_column][vc_column_text]<\/p>\n<h2>\u00bfQu\u00e9 distingue a nuestros profesores de alem\u00e1n?<\/h2>\n<p>Los profesores de alem\u00e1n son, por supuesto, hablantes nativos. Han completado una s\u00f3lida educaci\u00f3n en una universidad y han estado ense\u00f1ando alem\u00e1n como lengua extranjera durante a\u00f1os. Esperamos la m\u00e1xima calidad de nuestros profesores en todas las \u00e1reas, para que usted, el cliente, reciba el mejor apoyo posible para aprender alem\u00e1n.<\/p>\n<h2>Extras para tu curso de alem\u00e1n en Basilea: visado, alojamiento y preparaci\u00f3n para el examen<\/h2>\n<p>Para la mayor\u00eda de los estudiantes de alem\u00e1n que vienen del extranjero, simplemente reservar un curso de alem\u00e1n no es suficiente. Muchos estudiantes est\u00e1n necesitan ayuda para el visado o alojamiento o desean una preparaci\u00f3n especial para ex\u00e1menes como TestDaF o telc. Por supuesto, estamos a su lado para asesorarlo y apoyarlo tambi\u00e9n en estas \u00e1reas. Si, por ejemplo, es m\u00e9dico o desea obtener una licencia o un reconocimiento profesional como personal m\u00e9dico, entonces necesita la prueba de lenguaje t\u00e9cnico como m\u00e9dico o la prueba B2 para enfermeras o enfermeros. Tambi\u00e9n puede recibir cursos de preparaci\u00f3n para estos requisitos de nuestra parte.[\/vc_column_text][vc_row_inner][vc_column_inner width=&#8221;1\/2&#8243;][vc_column_text]<iframe title=\"YouTube video player\" src=\"https:\/\/www.youtube.com\/embed\/lOqxcINR00k\" width=\"560\" height=\"315\" frameborder=\"0\" allowfullscreen=\"allowfullscreen\"><\/iframe>[\/vc_column_text][\/vc_column_inner][vc_column_inner width=&#8221;1\/2&#8243;][vc_column_text]<iframe title=\"YouTube video player\" src=\"https:\/\/www.youtube.com\/embed\/OmlDX1rDL-w\" width=\"560\" height=\"315\" frameborder=\"0\" allowfullscreen=\"allowfullscreen\"><\/iframe>[\/vc_column_text][\/vc_column_inner][\/vc_row_inner][\/vc_column][\/vc_row][vc_row full_width=&#8221;stretch_row&#8221; css=&#8221;.vc_custom_1608206773140{background-color: #f8f8f8 !important;}&#8221;][vc_column][vc_column_text]<\/p>\n<h2>\u00bfC\u00f3mo son los cursos de alem\u00e1n en Sprachschule Aktiv en Basel?<\/h2>\n<p>Hemos ideado un concepto muy especial para nuestros clientes. Esto significa que mantenemos los grupos peque\u00f1os, independientemente del modelo de curso con un m\u00e1ximo de 8 participantes.<\/p>\n<h2>Nuestra escuela de idiomas en Basel<\/h2>\n<p><iframe style=\"border: 0;\" tabindex=\"0\" src=\"https:\/\/www.google.com\/maps\/embed?pb=!1m18!1m12!1m3!1d2693.005146098067!2d7.587312615628467!3d47.548228579180844!2m3!1f0!2f0!3f0!3m2!1i1024!2i768!4f13.1!3m3!1m2!1s0x4791b956e61707ef%3A0x420980e1fcd33bc7!2sSprachschule%20Aktiv!5e0!3m2!1sde!2sde!4v1610993019577!5m2!1sde!2sde\" width=\"100%\" height=\"300\" frameborder=\"0\" allowfullscreen=\"allowfullscreen\" aria-hidden=\"false\"><\/iframe><br \/>\nCentralbahnplatz 8<br \/>\n4051 Basel<br \/>\nTel.: 061 228 77 32<br \/>\nE-Mail:\u00a0<a href=\"mailto:kontakt@sprachschule-aktiv.ch\">kontakt@sprachschule-aktiv.ch<\/a>[\/vc_column_text][\/vc_column][\/vc_row]<\/p>\n","protected":false},"excerpt":{"rendered":"<p>[vc_row full_width=&#8221;stretch_row_content_no_spaces&#8221; content_placement=&#8221;middle&#8221; css=&#8221;.vc_custom_1613048118112{background: #d6d5d3 url(https:\/\/www.sprachschule-aktiv-basel.ch\/wp-content\/uploads\/2021\/02\/fondo-2.jpg?id=617) !important;background-position: 0 0 !important;background-repeat: repeat !important;}&#8221;][vc_column width=&#8221;1\/2&#8243;][vc_single_image image=&#8221;1335&#8243; img_size=&#8221;full&#8221; alignment=&#8221;center&#8221;][\/vc_column][vc_column width=&#8221;1\/2&#8243; css=&#8221;.vc_custom_1609834442227{background-position: center !important;background-repeat: no-repeat !important;background-size: contain !important;}&#8221;][vc_column_text] Bienvenidos [\/vc_column_text][vc_column_text] a Sprachschule Aktiv [\/vc_column_text][vc_row_inner css=&#8221;.vc_custom_1609833991579{margin-top: 10px !important;}&#8221;][vc_column_inner][\/vc_column_inner][\/vc_row_inner][\/vc_column][\/vc_row][vc_row css=&#8221;.vc_custom_1608206578745{margin-top: 20px !important;}&#8221;][vc_column][vc_column_text] Cursos de alem\u00e1n en Basilea &#8211; Aprender alem\u00e1n en Basilea en la escuela Sprachschule Aktiv Cursos de alem\u00e1n en&hellip; <a class=\"read-more\" href=\"https:\/\/www.sprachschule-aktiv-basel.ch\/es\/\" title=\"Read Home\">Read more &raquo;<\/a><\/p>\n","protected":false},"author":1,"featured_media":0,"parent":0,"menu_order":0,"comment_status":"closed","ping_status":"closed","template":"","meta":{"footnotes":""},"class_list":["post-1294","page","type-page","status-publish","hentry"],"yoast_head":"<!-- This site is optimized with the Yoast SEO plugin v27.1.1 - https:\/\/yoast.com\/product\/yoast-seo-wordpress\/ -->\n<title>Cursos de alem\u00e1n en Basilea - Aprender alem\u00e1n en Basel<\/title>\n<meta name=\"description\" content=\"Cursos de alem\u00e1n en Basilea para principiantes y avanzados. Aprender alem\u00e1n en Basilea en la mejor escuela de alem\u00e1n en Basel!\" \/>\n<meta name=\"robots\" content=\"index, follow, max-snippet:-1, max-image-preview:large, max-video-preview:-1\" \/>\n<link rel=\"canonical\" href=\"https:\/\/www.sprachschule-aktiv-basel.ch\/es\/\" \/>\n<meta property=\"og:locale\" content=\"es_ES\" \/>\n<meta property=\"og:type\" content=\"article\" \/>\n<meta property=\"og:title\" content=\"Cursos de alem\u00e1n en Basilea - Aprender alem\u00e1n en Basel\" \/>\n<meta property=\"og:description\" content=\"Cursos de alem\u00e1n en Basilea para principiantes y avanzados. Aprender alem\u00e1n en Basilea en la mejor escuela de alem\u00e1n en Basel!\" \/>\n<meta property=\"og:url\" content=\"https:\/\/www.sprachschule-aktiv-basel.ch\/es\/\" \/>\n<meta property=\"og:site_name\" content=\"Sprachschule Aktiv Basel\" \/>\n<meta property=\"article:modified_time\" content=\"2024-05-13T04:38:06+00:00\" \/>\n<meta name=\"twitter:card\" content=\"summary_large_image\" \/>\n<meta name=\"twitter:label1\" content=\"Tiempo de lectura\" \/>\n\t<meta name=\"twitter:data1\" content=\"5 minutos\" \/>\n<script type=\"application\/ld+json\" class=\"yoast-schema-graph\">{\"@context\":\"https:\/\/schema.org\",\"@graph\":[{\"@type\":\"WebPage\",\"@id\":\"https:\/\/www.sprachschule-aktiv-basel.ch\/es\/home\/\",\"url\":\"https:\/\/www.sprachschule-aktiv-basel.ch\/es\/\",\"name\":\"Cursos de alem\u00e1n en Basilea - Aprender alem\u00e1n en Basel\",\"isPartOf\":{\"@id\":\"https:\/\/www.sprachschule-aktiv-basel.ch\/#website\"},\"datePublished\":\"2020-12-17T10:37:33+00:00\",\"dateModified\":\"2024-05-13T04:38:06+00:00\",\"description\":\"Cursos de alem\u00e1n en Basilea para principiantes y avanzados. Aprender alem\u00e1n en Basilea en la mejor escuela de alem\u00e1n en Basel!\",\"breadcrumb\":{\"@id\":\"https:\/\/www.sprachschule-aktiv-basel.ch\/es\/#breadcrumb\"},\"inLanguage\":\"es\",\"potentialAction\":[{\"@type\":\"ReadAction\",\"target\":[\"https:\/\/www.sprachschule-aktiv-basel.ch\/es\/\"]}]},{\"@type\":\"BreadcrumbList\",\"@id\":\"https:\/\/www.sprachschule-aktiv-basel.ch\/es\/#breadcrumb\",\"itemListElement\":[{\"@type\":\"ListItem\",\"position\":1,\"name\":\"Startseite\",\"item\":\"https:\/\/www.sprachschule-aktiv-basel.ch\/es\/home\/\"},{\"@type\":\"ListItem\",\"position\":2,\"name\":\"Home\"}]},{\"@type\":\"WebSite\",\"@id\":\"https:\/\/www.sprachschule-aktiv-basel.ch\/#website\",\"url\":\"https:\/\/www.sprachschule-aktiv-basel.ch\/\",\"name\":\"Sprachschule Aktiv Basel\",\"description\":\"\",\"potentialAction\":[{\"@type\":\"SearchAction\",\"target\":{\"@type\":\"EntryPoint\",\"urlTemplate\":\"https:\/\/www.sprachschule-aktiv-basel.ch\/?s={search_term_string}\"},\"query-input\":{\"@type\":\"PropertyValueSpecification\",\"valueRequired\":true,\"valueName\":\"search_term_string\"}}],\"inLanguage\":\"es\"}]}<\/script>\n<!-- \/ Yoast SEO plugin. -->","yoast_head_json":{"title":"Cursos de alem\u00e1n en Basilea - Aprender alem\u00e1n en Basel","description":"Cursos de alem\u00e1n en Basilea para principiantes y avanzados. Aprender alem\u00e1n en Basilea en la mejor escuela de alem\u00e1n en Basel!","robots":{"index":"index","follow":"follow","max-snippet":"max-snippet:-1","max-image-preview":"max-image-preview:large","max-video-preview":"max-video-preview:-1"},"canonical":"https:\/\/www.sprachschule-aktiv-basel.ch\/es\/","og_locale":"es_ES","og_type":"article","og_title":"Cursos de alem\u00e1n en Basilea - Aprender alem\u00e1n en Basel","og_description":"Cursos de alem\u00e1n en Basilea para principiantes y avanzados. Aprender alem\u00e1n en Basilea en la mejor escuela de alem\u00e1n en Basel!","og_url":"https:\/\/www.sprachschule-aktiv-basel.ch\/es\/","og_site_name":"Sprachschule Aktiv Basel","article_modified_time":"2024-05-13T04:38:06+00:00","twitter_card":"summary_large_image","twitter_misc":{"Tiempo de lectura":"5 minutos"},"schema":{"@context":"https:\/\/schema.org","@graph":[{"@type":"WebPage","@id":"https:\/\/www.sprachschule-aktiv-basel.ch\/es\/home\/","url":"https:\/\/www.sprachschule-aktiv-basel.ch\/es\/","name":"Cursos de alem\u00e1n en Basilea - Aprender alem\u00e1n en Basel","isPartOf":{"@id":"https:\/\/www.sprachschule-aktiv-basel.ch\/#website"},"datePublished":"2020-12-17T10:37:33+00:00","dateModified":"2024-05-13T04:38:06+00:00","description":"Cursos de alem\u00e1n en Basilea para principiantes y avanzados. Aprender alem\u00e1n en Basilea en la mejor escuela de alem\u00e1n en Basel!","breadcrumb":{"@id":"https:\/\/www.sprachschule-aktiv-basel.ch\/es\/#breadcrumb"},"inLanguage":"es","potentialAction":[{"@type":"ReadAction","target":["https:\/\/www.sprachschule-aktiv-basel.ch\/es\/"]}]},{"@type":"BreadcrumbList","@id":"https:\/\/www.sprachschule-aktiv-basel.ch\/es\/#breadcrumb","itemListElement":[{"@type":"ListItem","position":1,"name":"Startseite","item":"https:\/\/www.sprachschule-aktiv-basel.ch\/es\/home\/"},{"@type":"ListItem","position":2,"name":"Home"}]},{"@type":"WebSite","@id":"https:\/\/www.sprachschule-aktiv-basel.ch\/#website","url":"https:\/\/www.sprachschule-aktiv-basel.ch\/","name":"Sprachschule Aktiv Basel","description":"","potentialAction":[{"@type":"SearchAction","target":{"@type":"EntryPoint","urlTemplate":"https:\/\/www.sprachschule-aktiv-basel.ch\/?s={search_term_string}"},"query-input":{"@type":"PropertyValueSpecification","valueRequired":true,"valueName":"search_term_string"}}],"inLanguage":"es"}]}},"_links":{"self":[{"href":"https:\/\/www.sprachschule-aktiv-basel.ch\/es\/wp-json\/wp\/v2\/pages\/1294","targetHints":{"allow":["GET"]}}],"collection":[{"href":"https:\/\/www.sprachschule-aktiv-basel.ch\/es\/wp-json\/wp\/v2\/pages"}],"about":[{"href":"https:\/\/www.sprachschule-aktiv-basel.ch\/es\/wp-json\/wp\/v2\/types\/page"}],"author":[{"embeddable":true,"href":"https:\/\/www.sprachschule-aktiv-basel.ch\/es\/wp-json\/wp\/v2\/users\/1"}],"replies":[{"embeddable":true,"href":"https:\/\/www.sprachschule-aktiv-basel.ch\/es\/wp-json\/wp\/v2\/comments?post=1294"}],"version-history":[{"count":8,"href":"https:\/\/www.sprachschule-aktiv-basel.ch\/es\/wp-json\/wp\/v2\/pages\/1294\/revisions"}],"predecessor-version":[{"id":1919,"href":"https:\/\/www.sprachschule-aktiv-basel.ch\/es\/wp-json\/wp\/v2\/pages\/1294\/revisions\/1919"}],"wp:attachment":[{"href":"https:\/\/www.sprachschule-aktiv-basel.ch\/es\/wp-json\/wp\/v2\/media?parent=1294"}],"curies":[{"name":"wp","href":"https:\/\/api.w.org\/{rel}","templated":true}]}}