{"id":484,"date":"2020-12-17T11:27:13","date_gmt":"2020-12-17T10:27:13","guid":{"rendered":"https:\/\/www.sprachschule-aktiv-basel.ch\/kontakt\/"},"modified":"2021-02-03T08:42:19","modified_gmt":"2021-02-03T07:42:19","slug":"contactez-nous","status":"publish","type":"page","link":"https:\/\/www.sprachschule-aktiv-basel.ch\/fr\/contactez-nous\/","title":{"rendered":"Ecole de langues active \u00e0 B\u00e2le \u2013 Contactez-nous"},"content":{"rendered":"<p>[vc_row css=&#8221;.vc_custom_1489245782370{padding-top: 50px !important;padding-bottom: 30px !important;}&#8221;][vc_column width=&#8221;2\/3&#8243;]\n<div class=\"wpcf7 no-js\" id=\"wpcf7-f486-o1\" lang=\"de-DE\" dir=\"ltr\" data-wpcf7-id=\"486\">\n<div class=\"screen-reader-response\"><p role=\"status\" aria-live=\"polite\" aria-atomic=\"true\"><\/p> <ul><\/ul><\/div>\n<form action=\"\/fr\/wp-json\/wp\/v2\/pages\/484#wpcf7-f486-o1\" method=\"post\" class=\"wpcf7-form init wpcf7-acceptance-as-validation\" aria-label=\"Kontaktformular\" novalidate=\"novalidate\" data-status=\"init\">\n<fieldset class=\"hidden-fields-container\"><input type=\"hidden\" name=\"_wpcf7\" value=\"486\" \/><input type=\"hidden\" name=\"_wpcf7_version\" value=\"6.1.5\" \/><input type=\"hidden\" name=\"_wpcf7_locale\" value=\"de_DE\" \/><input type=\"hidden\" name=\"_wpcf7_unit_tag\" value=\"wpcf7-f486-o1\" \/><input type=\"hidden\" name=\"_wpcf7_container_post\" value=\"0\" \/><input type=\"hidden\" name=\"_wpcf7_posted_data_hash\" value=\"\" \/><input type=\"hidden\" name=\"_wpcf7_recaptcha_response\" value=\"\" \/>\n<\/fieldset>\n<h2>Votre adresse :\n<\/h2>\n<p><label> Entreprise<br \/>\n<span class=\"wpcf7-form-control-wrap\" data-name=\"firma\"><input size=\"40\" maxlength=\"400\" class=\"wpcf7-form-control wpcf7-text\" aria-invalid=\"false\" value=\"\" type=\"text\" name=\"firma\" \/><\/span> <\/label>\n<\/p>\n<p><label>Pr\u00e9nom*<br \/>\n<span class=\"wpcf7-form-control-wrap\" data-name=\"vorname\"><input size=\"40\" maxlength=\"400\" class=\"wpcf7-form-control wpcf7-text wpcf7-validates-as-required\" aria-required=\"true\" aria-invalid=\"false\" value=\"\" type=\"text\" name=\"vorname\" \/><\/span> <\/label>\n<\/p>\n<p><label> Nom de famille *<br \/>\n<span class=\"wpcf7-form-control-wrap\" data-name=\"nachname\"><input size=\"40\" maxlength=\"400\" class=\"wpcf7-form-control wpcf7-text wpcf7-validates-as-required\" aria-required=\"true\" aria-invalid=\"false\" value=\"\" type=\"text\" name=\"nachname\" \/><\/span> <\/label>\n<\/p>\n<p><label> T\u00e9l\u00e9phone*<br \/>\n<span class=\"wpcf7-form-control-wrap\" data-name=\"telefon\"><input size=\"40\" maxlength=\"400\" class=\"wpcf7-form-control wpcf7-tel wpcf7-validates-as-required wpcf7-text wpcf7-validates-as-tel\" aria-required=\"true\" aria-invalid=\"false\" value=\"\" type=\"tel\" name=\"telefon\" \/><\/span><\/label>\n<\/p>\n<p><label> E-Mail*<br \/>\n<span class=\"wpcf7-form-control-wrap\" data-name=\"email\"><input size=\"40\" maxlength=\"400\" class=\"wpcf7-form-control wpcf7-email wpcf7-validates-as-required wpcf7-text wpcf7-validates-as-email\" aria-required=\"true\" aria-invalid=\"false\" value=\"\" type=\"email\" name=\"email\" \/><\/span><\/label>\n<\/p>\n<p><label> Votre demande<br \/>\n<span class=\"wpcf7-form-control-wrap\" data-name=\"IhreAnfrage\"><textarea cols=\"40\" rows=\"10\" maxlength=\"2000\" class=\"wpcf7-form-control wpcf7-textarea\" aria-invalid=\"false\" name=\"IhreAnfrage\"><\/textarea><\/span><\/label>\n<\/p>\n<div style=\"\">\n\t<p><span class=\"wpcf7-form-control-wrap\" data-name=\"agb\"><span class=\"wpcf7-form-control wpcf7-acceptance\"><span class=\"wpcf7-list-item\"><input type=\"checkbox\" name=\"agb\" value=\"1\" aria-invalid=\"false\" \/><\/span><\/span><\/span> (*) J'ai lu et j'accepte les <a href=\"https:\/\/www.sprachschule-aktiv-basel.ch\/allgemeine-geschaftsbedingungen\/\" target=\"_blank\">conditions l\u00e9gales<\/a> et la <a href=\"https:\/\/www.sprachschule-aktiv-basel.ch\/datenschutz\/\" target=\"_blank\">politique de confidentialit\u00e9 des donn\u00e9es<\/a>.\n\t<\/p>\n<\/div>\n<p><input class=\"wpcf7-form-control wpcf7-submit has-spinner\" type=\"submit\" value=\"Abschicken\" \/>\n<\/p><div class=\"wpcf7-response-output\" aria-hidden=\"true\"><\/div>\n<\/form>\n<\/div>\n[\/vc_column][vc_column width=&#8221;1\/3&#8243;][vc_column_text]<strong>Sprachschule Aktiv<\/strong><br \/>\nCentralbahnplatz 8<br \/>\n4051 Basel<br \/>\nTel.: 043 540 09 53<br \/>\nE-Mail:\u00a0<a href=\"mailto:kontakt@sprachschule-aktiv.ch\">kontakt@sprachschule-aktiv.ch<\/a><br \/>\nWeb:\u00a0<a href=\"https:\/\/www.sprachschule-aktiv-basel.ch\">https:\/\/www.sprachschule-aktiv-basel.ch<\/a>[\/vc_column_text][\/vc_column][\/vc_row]<\/p>\n","protected":false},"excerpt":{"rendered":"<p>[vc_row css=&#8221;.vc_custom_1489245782370{padding-top: 50px !important;padding-bottom: 30px !important;}&#8221;][vc_column width=&#8221;2\/3&#8243;][\/vc_column][vc_column width=&#8221;1\/3&#8243;][vc_column_text]Sprachschule Aktiv Centralbahnplatz 8 4051 Basel Tel.: 043 540 09 53 E-Mail:\u00a0kontakt@sprachschule-aktiv.ch Web:\u00a0https:\/\/www.sprachschule-aktiv-basel.ch[\/vc_column_text][\/vc_column][\/vc_row]<\/p>\n","protected":false},"author":1,"featured_media":0,"parent":0,"menu_order":0,"comment_status":"closed","ping_status":"closed","template":"","meta":{"footnotes":""},"class_list":["post-484","page","type-page","status-publish","hentry"],"yoast_head":"<!-- This site is optimized with the Yoast SEO plugin v27.1.1 - https:\/\/yoast.com\/product\/yoast-seo-wordpress\/ -->\n<title>Contact - Sprachschule Aktiv Basel. Contactez-nous!<\/title>\n<meta name=\"description\" content=\"Contactez l&#039;\u00e9cole de langues Aktiv \u00e0 B\u00e2le. Localisation, heures d&#039;ouverture, lieux et coordonn\u00e9es de l&#039;\u00e9cole de langues Aktiv Basel.\" \/>\n<meta name=\"robots\" content=\"index, follow, max-snippet:-1, max-image-preview:large, max-video-preview:-1\" \/>\n<link rel=\"canonical\" href=\"https:\/\/www.sprachschule-aktiv-basel.ch\/fr\/contactez-nous\/\" \/>\n<meta property=\"og:locale\" content=\"fr_FR\" \/>\n<meta property=\"og:type\" content=\"article\" \/>\n<meta property=\"og:title\" content=\"Contact - Sprachschule Aktiv Basel. Contactez-nous!\" \/>\n<meta property=\"og:description\" content=\"Contactez l&#039;\u00e9cole de langues Aktiv \u00e0 B\u00e2le. Localisation, heures d&#039;ouverture, lieux et coordonn\u00e9es de l&#039;\u00e9cole de langues Aktiv Basel.\" \/>\n<meta property=\"og:url\" content=\"https:\/\/www.sprachschule-aktiv-basel.ch\/fr\/contactez-nous\/\" \/>\n<meta property=\"og:site_name\" content=\"Sprachschule Aktiv Basel\" \/>\n<meta property=\"article:modified_time\" content=\"2021-02-03T07:42:19+00:00\" \/>\n<meta name=\"twitter:card\" content=\"summary_large_image\" \/>\n<meta name=\"twitter:label1\" content=\"Dur\u00e9e de lecture estim\u00e9e\" \/>\n\t<meta name=\"twitter:data1\" content=\"1 minute\" \/>\n<script type=\"application\/ld+json\" class=\"yoast-schema-graph\">{\"@context\":\"https:\/\/schema.org\",\"@graph\":[{\"@type\":\"WebPage\",\"@id\":\"https:\/\/www.sprachschule-aktiv-basel.ch\/fr\/contactez-nous\/\",\"url\":\"https:\/\/www.sprachschule-aktiv-basel.ch\/fr\/contactez-nous\/\",\"name\":\"Contact - Sprachschule Aktiv Basel. Contactez-nous!\",\"isPartOf\":{\"@id\":\"https:\/\/www.sprachschule-aktiv-basel.ch\/#website\"},\"datePublished\":\"2020-12-17T10:27:13+00:00\",\"dateModified\":\"2021-02-03T07:42:19+00:00\",\"description\":\"Contactez l'\u00e9cole de langues Aktiv \u00e0 B\u00e2le. Localisation, heures d'ouverture, lieux et coordonn\u00e9es de l'\u00e9cole de langues Aktiv Basel.\",\"breadcrumb\":{\"@id\":\"https:\/\/www.sprachschule-aktiv-basel.ch\/fr\/contactez-nous\/#breadcrumb\"},\"inLanguage\":\"fr-FR\",\"potentialAction\":[{\"@type\":\"ReadAction\",\"target\":[\"https:\/\/www.sprachschule-aktiv-basel.ch\/fr\/contactez-nous\/\"]}]},{\"@type\":\"BreadcrumbList\",\"@id\":\"https:\/\/www.sprachschule-aktiv-basel.ch\/fr\/contactez-nous\/#breadcrumb\",\"itemListElement\":[{\"@type\":\"ListItem\",\"position\":1,\"name\":\"Startseite\",\"item\":\"https:\/\/www.sprachschule-aktiv-basel.ch\/fr\/home\/\"},{\"@type\":\"ListItem\",\"position\":2,\"name\":\"Ecole de langues active \u00e0 B\u00e2le \u2013 Contactez-nous\"}]},{\"@type\":\"WebSite\",\"@id\":\"https:\/\/www.sprachschule-aktiv-basel.ch\/#website\",\"url\":\"https:\/\/www.sprachschule-aktiv-basel.ch\/\",\"name\":\"Sprachschule Aktiv Basel\",\"description\":\"\",\"potentialAction\":[{\"@type\":\"SearchAction\",\"target\":{\"@type\":\"EntryPoint\",\"urlTemplate\":\"https:\/\/www.sprachschule-aktiv-basel.ch\/?s={search_term_string}\"},\"query-input\":{\"@type\":\"PropertyValueSpecification\",\"valueRequired\":true,\"valueName\":\"search_term_string\"}}],\"inLanguage\":\"fr-FR\"}]}<\/script>\n<!-- \/ Yoast SEO plugin. -->","yoast_head_json":{"title":"Contact - Sprachschule Aktiv Basel. Contactez-nous!","description":"Contactez l'\u00e9cole de langues Aktiv \u00e0 B\u00e2le. Localisation, heures d'ouverture, lieux et coordonn\u00e9es de l'\u00e9cole de langues Aktiv Basel.","robots":{"index":"index","follow":"follow","max-snippet":"max-snippet:-1","max-image-preview":"max-image-preview:large","max-video-preview":"max-video-preview:-1"},"canonical":"https:\/\/www.sprachschule-aktiv-basel.ch\/fr\/contactez-nous\/","og_locale":"fr_FR","og_type":"article","og_title":"Contact - Sprachschule Aktiv Basel. Contactez-nous!","og_description":"Contactez l'\u00e9cole de langues Aktiv \u00e0 B\u00e2le. Localisation, heures d'ouverture, lieux et coordonn\u00e9es de l'\u00e9cole de langues Aktiv Basel.","og_url":"https:\/\/www.sprachschule-aktiv-basel.ch\/fr\/contactez-nous\/","og_site_name":"Sprachschule Aktiv Basel","article_modified_time":"2021-02-03T07:42:19+00:00","twitter_card":"summary_large_image","twitter_misc":{"Dur\u00e9e de lecture estim\u00e9e":"1 minute"},"schema":{"@context":"https:\/\/schema.org","@graph":[{"@type":"WebPage","@id":"https:\/\/www.sprachschule-aktiv-basel.ch\/fr\/contactez-nous\/","url":"https:\/\/www.sprachschule-aktiv-basel.ch\/fr\/contactez-nous\/","name":"Contact - Sprachschule Aktiv Basel. Contactez-nous!","isPartOf":{"@id":"https:\/\/www.sprachschule-aktiv-basel.ch\/#website"},"datePublished":"2020-12-17T10:27:13+00:00","dateModified":"2021-02-03T07:42:19+00:00","description":"Contactez l'\u00e9cole de langues Aktiv \u00e0 B\u00e2le. Localisation, heures d'ouverture, lieux et coordonn\u00e9es de l'\u00e9cole de langues Aktiv Basel.","breadcrumb":{"@id":"https:\/\/www.sprachschule-aktiv-basel.ch\/fr\/contactez-nous\/#breadcrumb"},"inLanguage":"fr-FR","potentialAction":[{"@type":"ReadAction","target":["https:\/\/www.sprachschule-aktiv-basel.ch\/fr\/contactez-nous\/"]}]},{"@type":"BreadcrumbList","@id":"https:\/\/www.sprachschule-aktiv-basel.ch\/fr\/contactez-nous\/#breadcrumb","itemListElement":[{"@type":"ListItem","position":1,"name":"Startseite","item":"https:\/\/www.sprachschule-aktiv-basel.ch\/fr\/home\/"},{"@type":"ListItem","position":2,"name":"Ecole de langues active \u00e0 B\u00e2le \u2013 Contactez-nous"}]},{"@type":"WebSite","@id":"https:\/\/www.sprachschule-aktiv-basel.ch\/#website","url":"https:\/\/www.sprachschule-aktiv-basel.ch\/","name":"Sprachschule Aktiv Basel","description":"","potentialAction":[{"@type":"SearchAction","target":{"@type":"EntryPoint","urlTemplate":"https:\/\/www.sprachschule-aktiv-basel.ch\/?s={search_term_string}"},"query-input":{"@type":"PropertyValueSpecification","valueRequired":true,"valueName":"search_term_string"}}],"inLanguage":"fr-FR"}]}},"_links":{"self":[{"href":"https:\/\/www.sprachschule-aktiv-basel.ch\/fr\/wp-json\/wp\/v2\/pages\/484","targetHints":{"allow":["GET"]}}],"collection":[{"href":"https:\/\/www.sprachschule-aktiv-basel.ch\/fr\/wp-json\/wp\/v2\/pages"}],"about":[{"href":"https:\/\/www.sprachschule-aktiv-basel.ch\/fr\/wp-json\/wp\/v2\/types\/page"}],"author":[{"embeddable":true,"href":"https:\/\/www.sprachschule-aktiv-basel.ch\/fr\/wp-json\/wp\/v2\/users\/1"}],"replies":[{"embeddable":true,"href":"https:\/\/www.sprachschule-aktiv-basel.ch\/fr\/wp-json\/wp\/v2\/comments?post=484"}],"version-history":[{"count":7,"href":"https:\/\/www.sprachschule-aktiv-basel.ch\/fr\/wp-json\/wp\/v2\/pages\/484\/revisions"}],"predecessor-version":[{"id":503,"href":"https:\/\/www.sprachschule-aktiv-basel.ch\/fr\/wp-json\/wp\/v2\/pages\/484\/revisions\/503"}],"wp:attachment":[{"href":"https:\/\/www.sprachschule-aktiv-basel.ch\/fr\/wp-json\/wp\/v2\/media?parent=484"}],"curies":[{"name":"wp","href":"https:\/\/api.w.org\/{rel}","templated":true}]}}