{"id":493,"date":"2020-12-17T11:36:11","date_gmt":"2020-12-17T10:36:11","guid":{"rendered":"https:\/\/www.sprachschule-aktiv-basel.ch\/anmeldung\/"},"modified":"2021-02-03T08:43:03","modified_gmt":"2021-02-03T07:43:03","slug":"enregistrement","status":"publish","type":"page","link":"https:\/\/www.sprachschule-aktiv-basel.ch\/fr\/enregistrement\/","title":{"rendered":"Inscription &#8211; Sprachschule Aktiv Basel"},"content":{"rendered":"<p>[vc_row css=&#8221;.vc_custom_1489245782370{padding-top: 50px !important;padding-bottom: 30px !important;}&#8221;][vc_column][vc_column_text]Ici, vous pouvez vous inscrire \u00e0 l&#8217;un de nos cours de langue.<\/p>\n<p>Veuillez remplir le formulaire d&#8217;inscription pour le cours souhait\u00e9.[\/vc_column_text][vc_row_inner][vc_column_inner width=&#8221;2\/3&#8243;]\n<div class=\"wpcf7 no-js\" id=\"wpcf7-f495-o1\" lang=\"de-DE\" dir=\"ltr\" data-wpcf7-id=\"495\">\n<div class=\"screen-reader-response\"><p role=\"status\" aria-live=\"polite\" aria-atomic=\"true\"><\/p> <ul><\/ul><\/div>\n<form action=\"\/fr\/wp-json\/wp\/v2\/pages\/493#wpcf7-f495-o1\" method=\"post\" class=\"wpcf7-form init wpcf7-acceptance-as-validation\" aria-label=\"Kontaktformular\" novalidate=\"novalidate\" data-status=\"init\">\n<fieldset class=\"hidden-fields-container\"><input type=\"hidden\" name=\"_wpcf7\" value=\"495\" \/><input type=\"hidden\" name=\"_wpcf7_version\" value=\"6.1.5\" \/><input type=\"hidden\" name=\"_wpcf7_locale\" value=\"de_DE\" \/><input type=\"hidden\" name=\"_wpcf7_unit_tag\" value=\"wpcf7-f495-o1\" \/><input type=\"hidden\" name=\"_wpcf7_container_post\" value=\"0\" \/><input type=\"hidden\" name=\"_wpcf7_posted_data_hash\" value=\"\" \/><input type=\"hidden\" name=\"_wpcf7_recaptcha_response\" value=\"\" \/>\n<\/fieldset>\n<h2>(1) Votre adresse :\n<\/h2>\n<p><label> Entreprise<br \/>\n<span class=\"wpcf7-form-control-wrap\" data-name=\"firma\"><input size=\"40\" maxlength=\"400\" class=\"wpcf7-form-control wpcf7-text\" aria-invalid=\"false\" value=\"\" type=\"text\" name=\"firma\" \/><\/span> <\/label>\n<\/p>\n<p><label>Pr\u00e9nom *<br \/>\n<span class=\"wpcf7-form-control-wrap\" data-name=\"vorname\"><input size=\"40\" maxlength=\"400\" class=\"wpcf7-form-control wpcf7-text wpcf7-validates-as-required\" aria-required=\"true\" aria-invalid=\"false\" value=\"\" type=\"text\" name=\"vorname\" \/><\/span> <\/label>\n<\/p>\n<p><label> Nom de famille *<br \/>\n<span class=\"wpcf7-form-control-wrap\" data-name=\"nachname\"><input size=\"40\" maxlength=\"400\" class=\"wpcf7-form-control wpcf7-text wpcf7-validates-as-required\" aria-required=\"true\" aria-invalid=\"false\" value=\"\" type=\"text\" name=\"nachname\" \/><\/span> <\/label>\n<\/p>\n<p><label> Rue\/non *<br \/>\n<span class=\"wpcf7-form-control-wrap\" data-name=\"strasse\"><input size=\"40\" maxlength=\"400\" class=\"wpcf7-form-control wpcf7-text wpcf7-validates-as-required\" aria-required=\"true\" aria-invalid=\"false\" value=\"\" type=\"text\" name=\"strasse\" \/><\/span> <\/label>\n<\/p>\n<p><label> Zip\/Ville *<br \/>\n<span class=\"wpcf7-form-control-wrap\" data-name=\"plz\"><input size=\"40\" maxlength=\"400\" class=\"wpcf7-form-control wpcf7-text wpcf7-validates-as-required\" aria-required=\"true\" aria-invalid=\"false\" value=\"\" type=\"text\" name=\"plz\" \/><\/span> <\/label>\n<\/p>\n<p><label> T\u00e9l\u00e9phone *<br \/>\n<span class=\"wpcf7-form-control-wrap\" data-name=\"telefon\"><input size=\"40\" maxlength=\"400\" class=\"wpcf7-form-control wpcf7-tel wpcf7-validates-as-required wpcf7-text wpcf7-validates-as-tel\" aria-required=\"true\" aria-invalid=\"false\" value=\"\" type=\"tel\" name=\"telefon\" \/><\/span><\/label>\n<\/p>\n<p><label> E-Mail*<br \/>\n<span class=\"wpcf7-form-control-wrap\" data-name=\"email\"><input size=\"40\" maxlength=\"400\" class=\"wpcf7-form-control wpcf7-email wpcf7-validates-as-required wpcf7-text wpcf7-validates-as-email\" aria-required=\"true\" aria-invalid=\"false\" value=\"\" type=\"email\" name=\"email\" \/><\/span><\/label>\n<\/p>\n<h2>(2) Informations sur les cours :\n<\/h2>\n<p><label> Langue *<br \/>\n<span class=\"wpcf7-form-control-wrap\" data-name=\"sprache\"><input size=\"40\" maxlength=\"400\" class=\"wpcf7-form-control wpcf7-text wpcf7-validates-as-required\" aria-required=\"true\" aria-invalid=\"false\" value=\"\" type=\"text\" name=\"sprache\" \/><\/span><\/label>\n<\/p>\n<p><label> Type de cours *<br \/>\n<span class=\"wpcf7-form-control-wrap\" data-name=\"kursart\"><input size=\"40\" maxlength=\"400\" class=\"wpcf7-form-control wpcf7-text wpcf7-validates-as-required\" aria-required=\"true\" aria-invalid=\"false\" value=\"\" type=\"text\" name=\"kursart\" \/><\/span><\/label>\n<\/p>\n<p><label> Niveau*<br \/>\n<span class=\"wpcf7-form-control-wrap\" data-name=\"niveau\"><input size=\"40\" maxlength=\"400\" class=\"wpcf7-form-control wpcf7-text wpcf7-validates-as-required\" aria-required=\"true\" aria-invalid=\"false\" value=\"\" type=\"text\" name=\"niveau\" \/><\/span><\/label>\n<\/p>\n<p><label> D\u00e9but du cours *<br \/>\n<span class=\"wpcf7-form-control-wrap\" data-name=\"kursbeginn\"><input class=\"wpcf7-form-control wpcf7-date wpcf7-validates-as-required wpcf7-validates-as-date\" aria-required=\"true\" aria-invalid=\"false\" value=\"\" type=\"date\" name=\"kursbeginn\" \/><\/span><\/label>\n<\/p>\n<p><label> Emplacement du cours *<br \/>\n<span class=\"wpcf7-form-control-wrap\" data-name=\"Kursort\"><input size=\"40\" maxlength=\"400\" class=\"wpcf7-form-control wpcf7-text wpcf7-validates-as-required\" aria-required=\"true\" aria-invalid=\"false\" value=\"\" type=\"text\" name=\"Kursort\" \/><\/span><\/label>\n<\/p>\n<p><label> Dur\u00e9e du cours *<br \/>\n<span class=\"wpcf7-form-control-wrap\" data-name=\"dauer\"><input size=\"40\" maxlength=\"400\" class=\"wpcf7-form-control wpcf7-text wpcf7-validates-as-required\" aria-required=\"true\" aria-invalid=\"false\" value=\"\" type=\"text\" name=\"dauer\" \/><\/span><\/label>\n<\/p>\n<p><label> Nombre d'heures souhait\u00e9<br \/>\n<span class=\"wpcf7-form-control-wrap\" data-name=\"stundenzahl\"><input size=\"40\" maxlength=\"400\" class=\"wpcf7-form-control wpcf7-text\" aria-invalid=\"false\" value=\"\" type=\"text\" name=\"stundenzahl\" \/><\/span><\/label>\n<\/p>\n<h2>(3) Paiement :\n<\/h2>\n<p><label> M\u00e9thodes de payement *<br \/>\n<span class=\"wpcf7-form-control-wrap\" data-name=\"zahlung\"><select class=\"wpcf7-form-control wpcf7-select wpcf7-validates-as-required\" aria-required=\"true\" aria-invalid=\"false\" name=\"zahlung\"><option value=\"Esp\u00e8ces pendant les heures d&#039;ouverture dans nos bureaux\">Esp\u00e8ces pendant les heures d&#039;ouverture dans nos bureaux<\/option><option value=\"Virement bancaire\">Virement bancaire<\/option><option value=\"Le paiement par carte de cr\u00e9dit est possible dans notre \u00e9cole de langues\">Le paiement par carte de cr\u00e9dit est possible dans notre \u00e9cole de langues<\/option><\/select><\/span><\/label>\n<\/p>\n<h2>(4) Commentaires, notes:\n<\/h2>\n<p><label> Remarques *<br \/>\n<span class=\"wpcf7-form-control-wrap\" data-name=\"bemerkungen\"><textarea cols=\"40\" rows=\"10\" maxlength=\"2000\" class=\"wpcf7-form-control wpcf7-textarea\" aria-invalid=\"false\" name=\"bemerkungen\"><\/textarea><\/span><\/label>\n<\/p>\n<div style=\"\">\n\t<p><span class=\"wpcf7-form-control-wrap\" data-name=\"agb\"><span class=\"wpcf7-form-control wpcf7-acceptance\"><span class=\"wpcf7-list-item\"><input type=\"checkbox\" name=\"agb\" value=\"1\" aria-invalid=\"false\" \/><\/span><\/span><\/span> (*) J'ai lu et j'accepte les <a href=\"https:\/\/www.sprachschule-aktiv-basel.ch\/allgemeine-geschaftsbedingungen\/\" target=\"_blank\">conditions l\u00e9gales<\/a> et la <a href=\"https:\/\/www.sprachschule-aktiv-basel.ch\/datenschutz\/\" target=\"_blank\">politique de confidentialit\u00e9 des donn\u00e9es<\/a>.\n\t<\/p>\n<\/div>\n<p><input class=\"wpcf7-form-control wpcf7-submit has-spinner\" type=\"submit\" value=\"Envoyer l&#039;inscription\" \/>\n<\/p><div class=\"wpcf7-response-output\" aria-hidden=\"true\"><\/div>\n<\/form>\n<\/div>\n[\/vc_column_inner][vc_column_inner width=&#8221;1\/3&#8243; css=&#8221;.vc_custom_1486286691342{margin-top: 15px !important;}&#8221;][vc_column_text]<\/p>\n<h3>Sprachschule Aktiv Z\u00fcrich<\/h3>\n<p>[\/vc_column_text][vc_gmaps link=&#8221;#E-8_JTNDaWZyYW1lJTIwc3JjJTNEJTIyaHR0cHMlM0ElMkYlMkZ3d3cuZ29vZ2xlLmNvbSUyRm1hcHMlMkZlbWJlZCUzRnBiJTNEJTIxMW0xOCUyMTFtMTIlMjExbTMlMjExZDI3MDAuMDI2NTcxNTMzNzAyNyUyMTJkOC41MjI5MTYyMTU5NjgzNzIlMjEzZDQ3LjQxMTQyMjg3OTE3MjI2NCUyMTJtMyUyMTFmMCUyMTJmMCUyMTNmMCUyMTNtMiUyMTFpMTAyNCUyMTJpNzY4JTIxNGYxMy4xJTIxM20zJTIxMW0yJTIxMXMweDQ3OTAwYWY0NmQzMDcxNGQlMjUzQTB4YzRlNWNmZTljY2Q0YzkwMCUyMTJzU3ByYWNoc2NodWxlJTI1MjBBa3RpdiUyMTVlMCUyMTNtMiUyMTFzZGUlMjEyc2RlJTIxNHYxNTk3MzI3MDM5OTE3JTIxNW0yJTIxMXNkZSUyMTJzZGUlMjIlMjB3aWR0aCUzRCUyMjEwMCUyNSUyMiUyMGhlaWdodCUzRCUyMjE1MCUyMiUyMGZyYW1lYm9yZGVyJTNEJTIyMCUyMiUyMHN0eWxlJTNEJTIyYm9yZGVyJTNBMCUzQiUyMiUyMGFsbG93ZnVsbHNjcmVlbiUzRCUyMiUyMiUyMGFyaWEtaGlkZGVuJTNEJTIyZmFsc2UlMjIlMjB0YWJpbmRleCUzRCUyMjAlMjIlM0UlM0MlMkZpZnJhbWUlM0U=&#8221;][vc_column_text]Adresse: Wehntalerstrasse 293, 8046 Z\u00fcrich<br \/>\nTel.: +41-43- 540 09 53<br \/>\nE-Mail: <a href=\"mailto:kontakt@sprachschule-aktiv.ch\">kontakt@sprachschule-aktiv.ch<\/a><br \/>\nInternet: <a href=\"https:\/\/www.sprachschule-aktiv.ch\/\">www.sprachschule-aktiv.ch<\/a>[\/vc_column_text][vc_separator css=&#8221;.vc_custom_1597326748058{margin-bottom: 20px !important;}&#8221;][vc_column_text css=&#8221;.vc_custom_1597327173404{margin-top: 20px !important;}&#8221;]<\/p>\n<h3>Sprachschule Aktiv Winterthur<\/h3>\n<p>[\/vc_column_text][vc_gmaps link=&#8221;#E-8_JTNDaWZyYW1lJTIwc3JjJTNEJTIyaHR0cHMlM0ElMkYlMkZ3d3cuZ29vZ2xlLmNvbSUyRm1hcHMlMkZlbWJlZCUzRnBiJTNEJTIxMW0xOCUyMTFtMTIlMjExbTMlMjExZDI2OTUuNTYwNjg3MzU0MTM3NCUyMTJkOC43MjMzNzAzMTU5NzA3ODglMjEzZDQ3LjQ5ODQ3MDk3OTE3NzYlMjEybTMlMjExZjAlMjEyZjAlMjEzZjAlMjEzbTIlMjExaTEwMjQlMjEyaTc2OCUyMTRmMTMuMSUyMTNtMyUyMTFtMiUyMTFzMHg0NzlhOTk3OGEwMWI1MDFkJTI1M0EweGQ2NTU2N2MzOWFlMDQ4MjklMjEyc0d5bWl2b3JiZXJlaXR1bmclMjUyMFdpbnRlcnRodXIlMjUyMC0lMjUyME5hY2hoaWxmZSUyNTIwQWthZGVtaWUlMjUyMGluJTI1MjBXaW50ZXJ0aHVyJTIxNWUwJTIxM20yJTIxMXNkZSUyMTJzZGUlMjE0djE1OTczMjcyNTUzMzElMjE1bTIlMjExc2RlJTIxMnNkZSUyMiUyMHdpZHRoJTNEJTIyMTAwJTI1JTIyJTIwaGVpZ2h0JTNEJTIyMTUwJTIyJTIwZnJhbWVib3JkZXIlM0QlMjIwJTIyJTIwc3R5bGUlM0QlMjJib3JkZXIlM0EwJTNCJTIyJTIwYWxsb3dmdWxsc2NyZWVuJTNEJTIyJTIyJTIwYXJpYS1oaWRkZW4lM0QlMjJmYWxzZSUyMiUyMHRhYmluZGV4JTNEJTIyMCUyMiUzRSUzQyUyRmlmcmFtZSUzRQ==&#8221;][vc_column_text]Adresse: Technikumstrasse 84, 8400 Winterthur<br \/>\nTel.: 043 540 09 53<br \/>\nE-Mail: <a href=\"mailto:kontakt@sprachschule-aktiv.ch\">kontakt@sprachschule-aktiv.ch<\/a><br \/>\nInternet: <a href=\"https:\/\/www.sprachschule-aktiv-winterthur.ch\/\">www.sprachschule-aktiv-winterthur.ch<\/a>[\/vc_column_text][vc_separator css=&#8221;.vc_custom_1597326748058{margin-bottom: 20px !important;}&#8221;][vc_column_text css=&#8221;.vc_custom_1597327055638{margin-top: 20px !important;}&#8221;]<\/p>\n<h3>Nachhilfe Akademie<\/h3>\n<p>[\/vc_column_text][vc_gmaps link=&#8221;#E-8_JTNDaWZyYW1lJTIwc3JjJTNEJTIyaHR0cHMlM0ElMkYlMkZ3d3cuZ29vZ2xlLmNvbSUyRm1hcHMlMkZlbWJlZCUzRnBiJTNEJTIxMW0xOCUyMTFtMTIlMjExbTMlMjExZDQzMjM5Ljk0MjUzMTYzODQ4JTIxMmQ4LjU0MjU0NTQ4OTU2MTc0MSUyMTNkNDcuMzYzMjI5MDk1NjU3MTElMjEybTMlMjExZjAlMjEyZjAlMjEzZjAlMjEzbTIlMjExaTEwMjQlMjEyaTc2OCUyMTRmMTMuMSUyMTNtMyUyMTFtMiUyMTFzMHg0NzlhYTc1M2EwOGI3NThiJTI1M0EweDFhZTM2MDUwNTJjMGZmNTQlMjEyc0R1Zm91cnN0cmFzc2UlMjUyMDIyJTI1MkMlMjUyMDgwMDglMjUyMFolMjVDMyUyNUJDcmljaCUyNTJDJTI1MjBTY2h3ZWl6JTIxNWUwJTIxM20yJTIxMXNkZSUyMTJzZGUlMjE0djE1OTczMjY4MzMwODQlMjE1bTIlMjExc2RlJTIxMnNkZSUyMiUyMHdpZHRoJTNEJTIyMTAwJTI1JTIyJTIwaGVpZ2h0JTNEJTIyMTUwJTIyJTIwZnJhbWVib3JkZXIlM0QlMjIwJTIyJTIwc3R5bGUlM0QlMjJib3JkZXIlM0EwJTNCJTIyJTIwYWxsb3dmdWxsc2NyZWVuJTNEJTIyJTIyJTIwYXJpYS1oaWRkZW4lM0QlMjJmYWxzZSUyMiUyMHRhYmluZGV4JTNEJTIyMCUyMiUzRSUzQyUyRmlmcmFtZSUzRQ==&#8221;][vc_column_text]Adresse: Dufourstrasse 22, 8008 Z\u00fcrich<br \/>\nTel.: 043 540 09 53<br \/>\nE-Mail: <a href=\"mailto:kontakt@sprachschule-aktiv.ch\">kontakt@sprachschule-aktiv.ch<\/a><br \/>\nInternet: <a href=\"https:\/\/nachhilfeakademie.ch\/\">https:\/\/nachhilfeakademie.ch\/<\/a>[\/vc_column_text][vc_separator css=&#8221;.vc_custom_1597326748058{margin-bottom: 20px !important;}&#8221;][vc_column_text css=&#8221;.vc_custom_1610729475738{margin-top: 20px !important;}&#8221;]<\/p>\n<h3>Sprachschule Aktiv Basel<\/h3>\n<p>[\/vc_column_text][vc_gmaps link=&#8221;#E-8_JTNDaWZyYW1lJTIwc3JjJTNEJTIyaHR0cHMlM0ElMkYlMkZ3d3cuZ29vZ2xlLmNvbSUyRm1hcHMlMkZlbWJlZCUzRnBiJTNEJTIxMW0xOCUyMTFtMTIlMjExbTMlMjExZDI2OTMuMDA1MTQ2MDk4MDY3JTIxMmQ3LjU4NzMxMjYxNTYyODQ2NyUyMTNkNDcuNTQ4MjI4NTc5MTgwODQ0JTIxMm0zJTIxMWYwJTIxMmYwJTIxM2YwJTIxM20yJTIxMWkxMDI0JTIxMmk3NjglMjE0ZjEzLjElMjEzbTMlMjExbTIlMjExczB4NDc5MWI5ZTJjYjVhMGY4ZCUyNTNBMHg5MjE1MzRjNDQ3Y2JlNzJjJTIxMnNOYWNoaGlsZmUlMjUyMEFrYWRlbWllJTIxNWUwJTIxM20yJTIxMXNkZSUyMTJzZGUlMjE0djE2MTA3Mjk0OTUzNTglMjE1bTIlMjExc2RlJTIxMnNkZSUyMiUyMHdpZHRoJTNEJTIyMTAwJTI1JTIyJTIwaGVpZ2h0JTNEJTIyMTUwJTIyJTIwZnJhbWVib3JkZXIlM0QlMjIwJTIyJTIwc3R5bGUlM0QlMjJib3JkZXIlM0EwJTNCJTIyJTIwYWxsb3dmdWxsc2NyZWVuJTNEJTIyJTIyJTIwYXJpYS1oaWRkZW4lM0QlMjJmYWxzZSUyMiUyMHRhYmluZGV4JTNEJTIyMCUyMiUzRSUzQyUyRmlmcmFtZSUzRQ==&#8221;][vc_column_text]Adresse: Centralbahnpl. 8, 4051 Basel, Schweiz<br \/>\nTel.: 043 540 09 53<br \/>\nE-Mail: <a href=\"mailto:kontakt@sprachschule-aktiv.ch\">kontakt@sprachschule-aktiv.ch<\/a><br \/>\nInternet: <a href=\"https:\/\/www.sprachschule-aktiv-basel.ch\/\">https:\/\/www.sprachschule-aktiv-basel.ch\/<\/a>[\/vc_column_text][\/vc_column_inner][\/vc_row_inner][\/vc_column][\/vc_row]<\/p>\n","protected":false},"excerpt":{"rendered":"<p>[vc_row css=&#8221;.vc_custom_1489245782370{padding-top: 50px !important;padding-bottom: 30px !important;}&#8221;][vc_column][vc_column_text]Ici, vous pouvez vous inscrire \u00e0 l&#8217;un de nos cours de langue. Veuillez remplir le formulaire d&#8217;inscription pour le cours souhait\u00e9.[\/vc_column_text][vc_row_inner][vc_column_inner width=&#8221;2\/3&#8243;][\/vc_column_inner][vc_column_inner width=&#8221;1\/3&#8243; css=&#8221;.vc_custom_1486286691342{margin-top: 15px !important;}&#8221;][vc_column_text] Sprachschule Aktiv Z\u00fcrich [\/vc_column_text][vc_gmaps link=&#8221;#E-8_JTNDaWZyYW1lJTIwc3JjJTNEJTIyaHR0cHMlM0ElMkYlMkZ3d3cuZ29vZ2xlLmNvbSUyRm1hcHMlMkZlbWJlZCUzRnBiJTNEJTIxMW0xOCUyMTFtMTIlMjExbTMlMjExZDI3MDAuMDI2NTcxNTMzNzAyNyUyMTJkOC41MjI5MTYyMTU5NjgzNzIlMjEzZDQ3LjQxMTQyMjg3OTE3MjI2NCUyMTJtMyUyMTFmMCUyMTJmMCUyMTNmMCUyMTNtMiUyMTFpMTAyNCUyMTJpNzY4JTIxNGYxMy4xJTIxM20zJTIxMW0yJTIxMXMweDQ3OTAwYWY0NmQzMDcxNGQlMjUzQTB4YzRlNWNmZTljY2Q0YzkwMCUyMTJzU3ByYWNoc2NodWxlJTI1MjBBa3RpdiUyMTVlMCUyMTNtMiUyMTFzZGUlMjEyc2RlJTIxNHYxNTk3MzI3MDM5OTE3JTIxNW0yJTIxMXNkZSUyMTJzZGUlMjIlMjB3aWR0aCUzRCUyMjEwMCUyNSUyMiUyMGhlaWdodCUzRCUyMjE1MCUyMiUyMGZyYW1lYm9yZGVyJTNEJTIyMCUyMiUyMHN0eWxlJTNEJTIyYm9yZGVyJTNBMCUzQiUyMiUyMGFsbG93ZnVsbHNjcmVlbiUzRCUyMiUyMiUyMGFyaWEtaGlkZGVuJTNEJTIyZmFsc2UlMjIlMjB0YWJpbmRleCUzRCUyMjAlMjIlM0UlM0MlMkZpZnJhbWUlM0U=&#8221;][vc_column_text]Adresse: Wehntalerstrasse 293, 8046 Z\u00fcrich Tel.: +41-43- 540 09 53 E-Mail: kontakt@sprachschule-aktiv.ch Internet: www.sprachschule-aktiv.ch[\/vc_column_text][vc_separator css=&#8221;.vc_custom_1597326748058{margin-bottom: 20px !important;}&#8221;][vc_column_text css=&#8221;.vc_custom_1597327173404{margin-top: 20px !important;}&#8221;]&hellip; <a class=\"read-more\" href=\"https:\/\/www.sprachschule-aktiv-basel.ch\/fr\/enregistrement\/\" title=\"Read Inscription &#8211; Sprachschule Aktiv Basel\">Read more &raquo;<\/a><\/p>\n","protected":false},"author":1,"featured_media":0,"parent":0,"menu_order":0,"comment_status":"closed","ping_status":"closed","template":"","meta":{"footnotes":""},"class_list":["post-493","page","type-page","status-publish","hentry"],"yoast_head":"<!-- This site is optimized with the Yoast SEO plugin v27.1.1 - https:\/\/yoast.com\/product\/yoast-seo-wordpress\/ -->\n<title>Formulaire d&#039;inscription aux cours de langue \u00e0 B\u00e2le<\/title>\n<meta name=\"description\" content=\"Formulaire d&#039;inscription pour des cours de langues en allemand et en langues \u00e9trang\u00e8res - Formulaire d&#039;inscription pour l&#039;allemand, l&#039;anglais\" \/>\n<meta name=\"robots\" content=\"index, follow, max-snippet:-1, max-image-preview:large, max-video-preview:-1\" \/>\n<link rel=\"canonical\" href=\"https:\/\/www.sprachschule-aktiv-basel.ch\/fr\/enregistrement\/\" \/>\n<meta property=\"og:locale\" content=\"fr_FR\" \/>\n<meta property=\"og:type\" content=\"article\" \/>\n<meta property=\"og:title\" content=\"Formulaire d&#039;inscription aux cours de langue \u00e0 B\u00e2le\" \/>\n<meta property=\"og:description\" content=\"Formulaire d&#039;inscription pour des cours de langues en allemand et en langues \u00e9trang\u00e8res - Formulaire d&#039;inscription pour l&#039;allemand, l&#039;anglais\" \/>\n<meta property=\"og:url\" content=\"https:\/\/www.sprachschule-aktiv-basel.ch\/fr\/enregistrement\/\" \/>\n<meta property=\"og:site_name\" content=\"Sprachschule Aktiv Basel\" \/>\n<meta property=\"article:modified_time\" content=\"2021-02-03T07:43:03+00:00\" \/>\n<meta name=\"twitter:card\" content=\"summary_large_image\" \/>\n<meta name=\"twitter:label1\" content=\"Dur\u00e9e de lecture estim\u00e9e\" \/>\n\t<meta name=\"twitter:data1\" content=\"1 minute\" \/>\n<script type=\"application\/ld+json\" class=\"yoast-schema-graph\">{\"@context\":\"https:\/\/schema.org\",\"@graph\":[{\"@type\":\"WebPage\",\"@id\":\"https:\/\/www.sprachschule-aktiv-basel.ch\/fr\/enregistrement\/\",\"url\":\"https:\/\/www.sprachschule-aktiv-basel.ch\/fr\/enregistrement\/\",\"name\":\"Formulaire d'inscription aux cours de langue \u00e0 B\u00e2le\",\"isPartOf\":{\"@id\":\"https:\/\/www.sprachschule-aktiv-basel.ch\/#website\"},\"datePublished\":\"2020-12-17T10:36:11+00:00\",\"dateModified\":\"2021-02-03T07:43:03+00:00\",\"description\":\"Formulaire d'inscription pour des cours de langues en allemand et en langues \u00e9trang\u00e8res - Formulaire d'inscription pour l'allemand, l'anglais\",\"breadcrumb\":{\"@id\":\"https:\/\/www.sprachschule-aktiv-basel.ch\/fr\/enregistrement\/#breadcrumb\"},\"inLanguage\":\"fr-FR\",\"potentialAction\":[{\"@type\":\"ReadAction\",\"target\":[\"https:\/\/www.sprachschule-aktiv-basel.ch\/fr\/enregistrement\/\"]}]},{\"@type\":\"BreadcrumbList\",\"@id\":\"https:\/\/www.sprachschule-aktiv-basel.ch\/fr\/enregistrement\/#breadcrumb\",\"itemListElement\":[{\"@type\":\"ListItem\",\"position\":1,\"name\":\"Startseite\",\"item\":\"https:\/\/www.sprachschule-aktiv-basel.ch\/fr\/home\/\"},{\"@type\":\"ListItem\",\"position\":2,\"name\":\"Inscription &#8211; Sprachschule Aktiv Basel\"}]},{\"@type\":\"WebSite\",\"@id\":\"https:\/\/www.sprachschule-aktiv-basel.ch\/#website\",\"url\":\"https:\/\/www.sprachschule-aktiv-basel.ch\/\",\"name\":\"Sprachschule Aktiv Basel\",\"description\":\"\",\"potentialAction\":[{\"@type\":\"SearchAction\",\"target\":{\"@type\":\"EntryPoint\",\"urlTemplate\":\"https:\/\/www.sprachschule-aktiv-basel.ch\/?s={search_term_string}\"},\"query-input\":{\"@type\":\"PropertyValueSpecification\",\"valueRequired\":true,\"valueName\":\"search_term_string\"}}],\"inLanguage\":\"fr-FR\"}]}<\/script>\n<!-- \/ Yoast SEO plugin. -->","yoast_head_json":{"title":"Formulaire d'inscription aux cours de langue \u00e0 B\u00e2le","description":"Formulaire d'inscription pour des cours de langues en allemand et en langues \u00e9trang\u00e8res - Formulaire d'inscription pour l'allemand, l'anglais","robots":{"index":"index","follow":"follow","max-snippet":"max-snippet:-1","max-image-preview":"max-image-preview:large","max-video-preview":"max-video-preview:-1"},"canonical":"https:\/\/www.sprachschule-aktiv-basel.ch\/fr\/enregistrement\/","og_locale":"fr_FR","og_type":"article","og_title":"Formulaire d'inscription aux cours de langue \u00e0 B\u00e2le","og_description":"Formulaire d'inscription pour des cours de langues en allemand et en langues \u00e9trang\u00e8res - Formulaire d'inscription pour l'allemand, l'anglais","og_url":"https:\/\/www.sprachschule-aktiv-basel.ch\/fr\/enregistrement\/","og_site_name":"Sprachschule Aktiv Basel","article_modified_time":"2021-02-03T07:43:03+00:00","twitter_card":"summary_large_image","twitter_misc":{"Dur\u00e9e de lecture estim\u00e9e":"1 minute"},"schema":{"@context":"https:\/\/schema.org","@graph":[{"@type":"WebPage","@id":"https:\/\/www.sprachschule-aktiv-basel.ch\/fr\/enregistrement\/","url":"https:\/\/www.sprachschule-aktiv-basel.ch\/fr\/enregistrement\/","name":"Formulaire d'inscription aux cours de langue \u00e0 B\u00e2le","isPartOf":{"@id":"https:\/\/www.sprachschule-aktiv-basel.ch\/#website"},"datePublished":"2020-12-17T10:36:11+00:00","dateModified":"2021-02-03T07:43:03+00:00","description":"Formulaire d'inscription pour des cours de langues en allemand et en langues \u00e9trang\u00e8res - Formulaire d'inscription pour l'allemand, l'anglais","breadcrumb":{"@id":"https:\/\/www.sprachschule-aktiv-basel.ch\/fr\/enregistrement\/#breadcrumb"},"inLanguage":"fr-FR","potentialAction":[{"@type":"ReadAction","target":["https:\/\/www.sprachschule-aktiv-basel.ch\/fr\/enregistrement\/"]}]},{"@type":"BreadcrumbList","@id":"https:\/\/www.sprachschule-aktiv-basel.ch\/fr\/enregistrement\/#breadcrumb","itemListElement":[{"@type":"ListItem","position":1,"name":"Startseite","item":"https:\/\/www.sprachschule-aktiv-basel.ch\/fr\/home\/"},{"@type":"ListItem","position":2,"name":"Inscription &#8211; Sprachschule Aktiv Basel"}]},{"@type":"WebSite","@id":"https:\/\/www.sprachschule-aktiv-basel.ch\/#website","url":"https:\/\/www.sprachschule-aktiv-basel.ch\/","name":"Sprachschule Aktiv Basel","description":"","potentialAction":[{"@type":"SearchAction","target":{"@type":"EntryPoint","urlTemplate":"https:\/\/www.sprachschule-aktiv-basel.ch\/?s={search_term_string}"},"query-input":{"@type":"PropertyValueSpecification","valueRequired":true,"valueName":"search_term_string"}}],"inLanguage":"fr-FR"}]}},"_links":{"self":[{"href":"https:\/\/www.sprachschule-aktiv-basel.ch\/fr\/wp-json\/wp\/v2\/pages\/493","targetHints":{"allow":["GET"]}}],"collection":[{"href":"https:\/\/www.sprachschule-aktiv-basel.ch\/fr\/wp-json\/wp\/v2\/pages"}],"about":[{"href":"https:\/\/www.sprachschule-aktiv-basel.ch\/fr\/wp-json\/wp\/v2\/types\/page"}],"author":[{"embeddable":true,"href":"https:\/\/www.sprachschule-aktiv-basel.ch\/fr\/wp-json\/wp\/v2\/users\/1"}],"replies":[{"embeddable":true,"href":"https:\/\/www.sprachschule-aktiv-basel.ch\/fr\/wp-json\/wp\/v2\/comments?post=493"}],"version-history":[{"count":4,"href":"https:\/\/www.sprachschule-aktiv-basel.ch\/fr\/wp-json\/wp\/v2\/pages\/493\/revisions"}],"predecessor-version":[{"id":504,"href":"https:\/\/www.sprachschule-aktiv-basel.ch\/fr\/wp-json\/wp\/v2\/pages\/493\/revisions\/504"}],"wp:attachment":[{"href":"https:\/\/www.sprachschule-aktiv-basel.ch\/fr\/wp-json\/wp\/v2\/media?parent=493"}],"curies":[{"name":"wp","href":"https:\/\/api.w.org\/{rel}","templated":true}]}}